{"id":1570,"date":"2023-07-14T16:45:36","date_gmt":"2023-07-14T16:45:36","guid":{"rendered":"https:\/\/www.willenbacher-advisory.com\/communiques-de-presse\/"},"modified":"2025-02-23T10:21:52","modified_gmt":"2025-02-23T10:21:52","slug":"communiques-de-presse","status":"publish","type":"page","link":"https:\/\/www.willenbacher-advisory.com\/fr\/communiques-de-presse\/","title":{"rendered":"Communiqu\u00e9s de presse"},"content":{"rendered":"<p>[et_pb_section fb_built=\u00a0\u00bb1&Prime; _builder_version=\u00a0\u00bb4.21.0&Prime; _module_preset=\u00a0\u00bbdefault\u00a0\u00bb global_colors_info=\u00a0\u00bb{}\u00a0\u00bb theme_builder_area=\u00a0\u00bbpost_content\u00a0\u00bb][et_pb_row column_structure=\u00a0\u00bb1_2,1_2&Prime; module_id=\u00a0\u00bbkontakt\u00a0\u00bb _builder_version=\u00a0\u00bb4.21.0&Prime; _module_preset=\u00a0\u00bbbfabb2c9-1b64-4116-9406-38e0f9c2a978&Prime; global_colors_info=\u00a0\u00bb{}\u00a0\u00bb theme_builder_area=\u00a0\u00bbpost_content\u00a0\u00bb][et_pb_column type=\u00a0\u00bb1_2&Prime; _builder_version=\u00a0\u00bb4.21.0&Prime; _module_preset=\u00a0\u00bbdefault\u00a0\u00bb global_colors_info=\u00a0\u00bb{}\u00a0\u00bb theme_builder_area=\u00a0\u00bbpost_content\u00a0\u00bb][et_pb_text _builder_version=\u00a0\u00bb4.21.0&Prime; _module_preset=\u00a0\u00bbdefault\u00a0\u00bb header_2_font_size=\u00a0\u00bb18px\u00a0\u00bb header_2_font_size_last_edited=\u00a0\u00bboff|phone\u00a0\u00bb global_colors_info=\u00a0\u00bb{}\u00a0\u00bb theme_builder_area=\u00a0\u00bbpost_content\u00a0\u00bb]<\/p>\n<h2>Franz\u00f6sische Hugau Gestion startet in \u00d6sterreich<\/h2>\n<p><strong>fondsprofessionell.at<\/strong><\/p>\n<p>Lien vers l\u2019article: <a href=\"https:\/\/www.fondsprofessionell.at\/news\/unternehmen\/headline\/franzoesische-hugau-gestion-startet-in-oesterreich-238800\/\" target=\"_blank\" rel=\"noopener\">https:\/\/fondsprofessionell.at\/<\/a><\/p>\n<p><a href=\"https:\/\/www.willenbacher-advisory.com\/wp-content\/uploads\/2025\/02\/250122_fondsprofessionell.pdf\" title=\"T\u00e9l\u00e9chargement PDF\" target=\"_blank\" rel=\"noopener\"><img loading=\"lazy\" decoding=\"async\" src=\"https:\/\/www.willenbacher-advisory.com\/wp-content\/uploads\/2023\/06\/pdf-download.gif\" width=\"22\" height=\"20\" alt=\"T\u00e9l\u00e9chargement PDF\" class=\"sym_pdf \" \/>Lire l&rsquo;article (t\u00e9l\u00e9chargement PDF)<\/a><\/p>\n<p>&nbsp;<\/p>\n<p>&nbsp;<\/p>\n<h2>15 Jahre Willenbacher Advisory &#8211; Grund zum Feiern<\/h2>\n<p><strong>institutional-money.com<\/strong><\/p>\n<p>Lien vers l\u2019article: <a href=\"https:\/\/www.institutional-money.com\/news\/vermischtes\/headline\/andreas-willenbacher-hat-grund-zum-feiern-228162\" target=\"_blank\" rel=\"noopener\">https:\/\/institutionel-money.com\/<\/a><\/p>\n<p><a href=\"https:\/\/www.willenbacher-advisory.com\/wp-content\/uploads\/2023\/11\/2023-10_InstitutionalMoney.pdf\" title=\"T\u00e9l\u00e9chargement PDF\" target=\"_blank\" rel=\"noopener\"><img loading=\"lazy\" decoding=\"async\" src=\"https:\/\/www.willenbacher-advisory.com\/wp-content\/uploads\/2023\/06\/pdf-download.gif\" width=\"22\" height=\"20\" alt=\"T\u00e9l\u00e9chargement PDF\" class=\"sym_pdf \" \/>Lire l&rsquo;article (t\u00e9l\u00e9chargement PDF)<\/a><\/p>\n<p>&nbsp;<\/p>\n<p>&nbsp;<\/p>\n<h2><\/h2>\n<h2>Vertriebsprofi des Monats: Andreas Willenbacher<\/h2>\n<p><strong>e-fundresearch.com<\/strong><\/p>\n<p>Lien vers l&rsquo;article: <a href=\"https:\/\/e-fundresearch.com\/funds\/artikel\/45146-e-fundresearchcom-vertriebsprofi-des-monats-andreas-willenbacher\" target=\"_blank\" rel=\"noopener\">https:\/\/e-fundresearch.com\/<\/a><\/p>\n<p><a href=\"https:\/\/www.willenbacher-advisory.com\/wp-content\/uploads\/2023\/07\/2022-08_e-fundresearch.pdf\" title=\"T\u00e9l\u00e9charger le PDF.\" target=\"_blank\" rel=\"noopener\"><img loading=\"lazy\" decoding=\"async\" src=\"https:\/\/www.willenbacher-advisory.com\/wp-content\/uploads\/2023\/06\/pdf-download.gif\" width=\"22\" height=\"20\" alt=\"T\u00e9l\u00e9chargement PDF\" class=\"sym_pdf \" \/>Lire l&rsquo;article (t\u00e9l\u00e9chargement PDF)<\/a><\/p>\n<p>&nbsp;<\/p>\n<p>&nbsp;<\/p>\n<h2>OFI AM beendet Zusammenarbeit mit Oldenburgischer Landesbank (OLB)<br \/>Die franz\u00f6sische Fondsgesellschaft hat sich f\u00fcr ihren Deutschlandvertrieb einen neuen Partner gesucht. Aber auch in \u00d6sterreich kam es zu einer Ver\u00e4nderung.<\/h2>\n<p><strong>INSTITUTINAL MONEY<\/strong><\/p>\n<p>Lien vers l\u2019article:<span> <\/span><a href=\"https:\/\/www.institutional-money.com\/news\/vermischtes\/headline\/ofi-am-beendet-zusammenarbeit-mit-der-oldenburgische-landesbank-olb-208459\/\" target=\"_blank\" rel=\"noopener\">https:\/\/www.institutional-money.com<\/a><\/p>\n<p><a href=\"https:\/\/www.willenbacher-advisory.com\/wp-content\/uploads\/2023\/07\/2021-OFI-Asset-Management.pdf\" title=\"T\u00e9l\u00e9charger le PDF.\" target=\"_blank\" rel=\"noopener\"><img loading=\"lazy\" decoding=\"async\" src=\"https:\/\/www.willenbacher-advisory.com\/wp-content\/uploads\/2023\/06\/pdf-download.gif\" width=\"22\" height=\"20\" alt=\"T\u00e9l\u00e9chargement PDF\" class=\"sym_pdf \" \/>Lire l&rsquo;article (t\u00e9l\u00e9chargement PDF)<\/a><\/p>\n<p>&nbsp;<\/p>\n<p>&nbsp;<\/p>\n<h2>Mandarine Gestion und Willenbacher Advisory halten die Schlagzahl hoch<\/h2>\n<p><strong>INSTITUTINAL MONEY<\/strong><\/p>\n<p>Lien vers l&rsquo;article: <a href=\"https:\/\/www.institutional-money.com\/news\/uebersicht\/headline\/mandarine-gestion-und-willenbacher-advisory-halten-die-schlagzahl-hoch-205053\/\" target=\"_blank\" rel=\"noopener\">https:\/\/www.institutional-money.com<\/a><\/p>\n<p><a href=\"https:\/\/www.willenbacher-advisory.com\/wp-content\/uploads\/2023\/07\/2021-03-05-Institutional_Money.pdf\" title=\"T\u00e9l\u00e9charger le PDF.\" target=\"_blank\" rel=\"noopener\"><img loading=\"lazy\" decoding=\"async\" src=\"https:\/\/www.willenbacher-advisory.com\/wp-content\/uploads\/2023\/06\/pdf-download.gif\" width=\"22\" height=\"20\" alt=\"T\u00e9l\u00e9chargement PDF\" class=\"sym_pdf \" \/>Lire l&rsquo;article (t\u00e9l\u00e9chargement PDF)<\/a><\/p>\n<p>&nbsp;<\/p>\n<p>&nbsp;<\/p>\n<h2>Mandarine Gestion best\u00e4tigt seine Vertriebsdynamik in \u00d6sterreich<br \/>Mandarine Gestion confirme sa dynamique commerciale en Autriche<\/h2>\n<p><a href=\"https:\/\/www.willenbacher-advisory.com\/wp-content\/uploads\/2023\/07\/Februar-2021-Mandarine-Gestion-bestaetigt-seine-Vertriebsdynamik-in-Oesterreich.pdf\" title=\"T\u00e9l\u00e9charger le PDF.\" target=\"_blank\" rel=\"noopener\"><img loading=\"lazy\" decoding=\"async\" src=\"https:\/\/www.willenbacher-advisory.com\/wp-content\/uploads\/2023\/06\/pdf-download.gif\" width=\"22\" height=\"20\" alt=\"T\u00e9l\u00e9chargement PDF\" class=\"sym_pdf \" \/>Lire l&rsquo;article (t\u00e9l\u00e9chargement PDF)<\/a> <a href=\"https:\/\/www.willenbacher-advisory.com\/wp-content\/uploads\/2023\/07\/2021-Mandarine-Gestion-confirme-sa-dynamique-commerciale-en-Autriche.pdf\" title=\"T\u00e9l\u00e9charger le PDF.\" target=\"_blank\" rel=\"noopener\"><img loading=\"lazy\" decoding=\"async\" src=\"https:\/\/www.willenbacher-advisory.com\/wp-content\/uploads\/2023\/06\/pdf-download.gif\" width=\"22\" height=\"20\" alt=\"T\u00e9l\u00e9chargement PDF\" class=\"sym_pdf \" \/>Fran\u00e7ais<\/a><\/p>\n<p>[\/et_pb_text][\/et_pb_column][et_pb_column type=\u00a0\u00bb1_2&Prime; _builder_version=\u00a0\u00bb4.21.0&Prime; _module_preset=\u00a0\u00bbdefault\u00a0\u00bb global_colors_info=\u00a0\u00bb{}\u00a0\u00bb theme_builder_area=\u00a0\u00bbpost_content\u00a0\u00bb][et_pb_text _builder_version=\u00a0\u00bb4.21.0&Prime; _module_preset=\u00a0\u00bbdefault\u00a0\u00bb header_2_font_size=\u00a0\u00bb18px\u00a0\u00bb header_2_font_size_last_edited=\u00a0\u00bboff|desktop\u00a0\u00bb global_colors_info=\u00a0\u00bb{}\u00a0\u00bb theme_builder_area=\u00a0\u00bbpost_content\u00a0\u00bb]<\/p>\n<h2 class=\"mb-1 font-serif text-2xl font-bold leading-tight lg:text-5xl\">Willenbacher Advisory mit neuem strategischen Partner<\/h2>\n<p><strong>e-fundresearch.com<\/strong><\/p>\n<p>Lien vers l&rsquo;article: <a href=\"https:\/\/e-fundresearch.com\/markets\/artikel\/53707-willenbacher-advisory-mit-neuem-strategischen-partner\" target=\"_blank\" rel=\"noopener\">https:\/\/e-fundresearch.com<\/a><\/p>\n<p><a href=\"https:\/\/www.willenbacher-advisory.com\/wp-content\/uploads\/2025\/02\/250120_e-fundresearch.pdf\" title=\"T\u00e9l\u00e9charger le PDF.\" target=\"_blank\" rel=\"noopener\"><img loading=\"lazy\" decoding=\"async\" src=\"https:\/\/www.willenbacher-advisory.com\/wp-content\/uploads\/2023\/06\/pdf-download.gif\" width=\"22\" height=\"20\" alt=\"T\u00e9l\u00e9chargement PDF\" class=\"sym_pdf \" \/>Lire l&rsquo;article (t\u00e9l\u00e9chargement PDF)<\/a><\/p>\n<p>&nbsp;<\/p>\n<p>&nbsp;<\/p>\n<h2>Fonds kleiner Anbieter sind oft die bessere Wahl<\/h2>\n<p><strong>fondsprofessionell.at<\/strong><\/p>\n<p>Lien vers l&rsquo;article: <a href=\"https:\/\/www.fondsprofessionell.at\/news\/produkte\/headline\/fonds-kleiner-anbieter-sind-oft-die-bessere-wahl-zeigt-studie-195739\/\" target=\"_blank\" rel=\"noopener\">https:\/\/www.fondsprofessionell.at<\/a><\/p>\n<p>Source: Cass Business School London \u2013 3.3.2020<\/p>\n<p><a href=\"https:\/\/www.willenbacher-advisory.com\/wp-content\/uploads\/2023\/07\/200303-fonds_professional.pdf\" title=\"T\u00e9l\u00e9charger le PDF.\" target=\"_blank\" rel=\"noopener\"><img loading=\"lazy\" decoding=\"async\" src=\"https:\/\/www.willenbacher-advisory.com\/wp-content\/uploads\/2023\/06\/pdf-download.gif\" width=\"22\" height=\"20\" alt=\"T\u00e9l\u00e9chargement PDF\" class=\"sym_pdf \" \/>Lire l&rsquo;article (t\u00e9l\u00e9chargement PDF)<\/a><\/p>\n<p>&nbsp;<\/p>\n<p>&nbsp;<\/p>\n<h2>10 Jahre Third Party Marketing: Andreas Willenbacher zieht Bilanz<\/h2>\n<p><strong>e-fundresearch.com<\/strong><\/p>\n<p>Lien vers l&rsquo;article: <a href=\"http:\/\/e-fundresearch.com\/markets\/artikel\/34082-10-jahre-third-party-marketing-andreas-willenbacher-zieht-bilanz\" target=\"_blank\" rel=\"noopener\">http:\/\/at.e-fundresearch.com<\/a><\/p>\n<p><a href=\"https:\/\/www.willenbacher-advisory.com\/wp-content\/uploads\/2023\/07\/2018-e-fundresearch.pdf\" title=\"T\u00e9l\u00e9charger le PDF.\" target=\"_blank\" rel=\"noopener\"><img loading=\"lazy\" decoding=\"async\" src=\"https:\/\/www.willenbacher-advisory.com\/wp-content\/uploads\/2023\/06\/pdf-download.gif\" width=\"22\" height=\"20\" alt=\"T\u00e9l\u00e9chargement PDF\" class=\"sym_pdf \" \/>Lire l&rsquo;article (t\u00e9l\u00e9chargement PDF)<\/a><\/p>\n<p>&nbsp;<\/p>\n<p>&nbsp;<\/p>\n<h2>Willenbacher Advisory feiert Zehn-Jahres-Jubil\u00e4um<\/h2>\n<p><strong>INSTITUTINAL MONEY<\/strong><\/p>\n<p>Lien vers l&rsquo;article: <a href=\"https:\/\/www.institutional-money.com\/news\/vermischtes\/headline\/willenbacher-advisory-feiert-zehn-jahres-jubilaeum-147154\/\" target=\"_blank\" rel=\"noopener\">https:\/\/www.institutional-money.com<\/a><\/p>\n<p><a href=\"https:\/\/www.willenbacher-advisory.com\/wp-content\/uploads\/2023\/07\/2018-Institutional_Money.pdf\" title=\"T\u00e9l\u00e9charger le PDF.\" target=\"_blank\" rel=\"noopener\"><img loading=\"lazy\" decoding=\"async\" src=\"https:\/\/www.willenbacher-advisory.com\/wp-content\/uploads\/2023\/06\/pdf-download.gif\" width=\"22\" height=\"20\" alt=\"T\u00e9l\u00e9chargement PDF\" class=\"sym_pdf \" \/>Lire l&rsquo;article (t\u00e9l\u00e9chargement PDF)<\/a><\/p>\n<p>&nbsp;<\/p>\n<p>[\/et_pb_text][\/et_pb_column][\/et_pb_row][et_pb_row column_structure=\u00a0\u00bb1_2,1_2&Prime; module_id=\u00a0\u00bbkontakt\u00a0\u00bb _builder_version=\u00a0\u00bb4.21.0&Prime; _module_preset=\u00a0\u00bbbfabb2c9-1b64-4116-9406-38e0f9c2a978&Prime; global_colors_info=\u00a0\u00bb{}\u00a0\u00bb theme_builder_area=\u00a0\u00bbpost_content\u00a0\u00bb][et_pb_column type=\u00a0\u00bb1_2&Prime; _builder_version=\u00a0\u00bb4.21.0&Prime; _module_preset=\u00a0\u00bbdefault\u00a0\u00bb global_colors_info=\u00a0\u00bb{}\u00a0\u00bb theme_builder_area=\u00a0\u00bbpost_content\u00a0\u00bb][et_pb_text _builder_version=\u00a0\u00bb4.21.0&Prime; _module_preset=\u00a0\u00bbdefault\u00a0\u00bb header_2_font_size=\u00a0\u00bb18px\u00a0\u00bb header_2_font_size_last_edited=\u00a0\u00bboff|desktop\u00a0\u00bb global_colors_info=\u00a0\u00bb{}\u00a0\u00bb theme_builder_area=\u00a0\u00bbpost_content\u00a0\u00bb]<\/p>\n<h1>Archives<\/h1>\n<p>&nbsp;<\/p>\n<h2>Willenbacher Advisory feiert f\u00fcnfj\u00e4hriges Bestehen<\/h2>\n<p><strong>FONDS professionell ONLINE<\/strong><span> <\/span>&#8211; 03.10.2013<\/p>\n<p>Die in Wien beheimatete Willenbacher Advisory GmbH begeht Anfang Oktober 2013 ihren f\u00fcnften Geburtstag. Eine kurze \u00dcbersicht \u00fcber jenes Unternehmen, das beispielsweise Asset Manager wie Mandarine Gestion oder die Kathrein Privatbank repr\u00e4sentiert. <\/p>\n<p><a href=\"https:\/\/www.willenbacher-advisory.com\/wp-content\/uploads\/2023\/07\/fonds_professional_online.pdf\" title=\"T\u00e9l\u00e9charger le PDF.\" target=\"_blank\" rel=\"noopener\"><img loading=\"lazy\" decoding=\"async\" src=\"https:\/\/www.willenbacher-advisory.com\/wp-content\/uploads\/2023\/06\/pdf-download.gif\" width=\"22\" height=\"20\" alt=\"T\u00e9l\u00e9chargement PDF\" class=\"sym_pdf \">Lire l&rsquo;article (t\u00e9l\u00e9chargement PDF)<\/a><\/p>\n<p>&nbsp;<\/p>\n<h2>Willenbacher Advisory feiert f\u00fcnfj\u00e4hriges Bestehen<\/h2>\n<p><strong>INSTITUTINAL MONEY<\/strong><span> <\/span>&#8211; 02.10.2013<\/p>\n<p>\u00ab\u00a0Willenbacher Advisory freut sich diesen Oktober \u00fcber ihr f\u00fcnfj\u00e4hriges Bestehen. Das im Oktober 2008 von Mastermind Mag. Andreas Willenbacher gegr\u00fcndete Unternehmen ber\u00e4t Asset Manager bei ihrem Markteintritt in L\u00e4ndern wie \u00d6sterreich, Schweiz, Liechtenstein, Frankreich und Monaco sowie dar\u00fcber hinaus bei der laufenden Vertriebsbetreuung. \u00ab\u00a0<\/p>\n<p><a href=\"https:\/\/www.willenbacher-advisory.com\/wp-content\/uploads\/2023\/07\/institutional-money.pdf\" title=\"T\u00e9l\u00e9charger le PDF.\" target=\"_blank\" rel=\"noopener\"><img loading=\"lazy\" decoding=\"async\" src=\"https:\/\/www.willenbacher-advisory.com\/wp-content\/uploads\/2023\/06\/pdf-download.gif\" width=\"22\" height=\"20\" alt=\"T\u00e9l\u00e9chargement PDF\" class=\"sym_pdf \">Lire l&rsquo;article (t\u00e9l\u00e9chargement PDF)<\/a><\/p>\n<p>[\/et_pb_text][\/et_pb_column][et_pb_column type=\u00a0\u00bb1_2&Prime; _builder_version=\u00a0\u00bb4.21.0&Prime; _module_preset=\u00a0\u00bbdefault\u00a0\u00bb global_colors_info=\u00a0\u00bb{}\u00a0\u00bb theme_builder_area=\u00a0\u00bbpost_content\u00a0\u00bb][\/et_pb_column][\/et_pb_row][\/et_pb_section]<\/p>\n","protected":false},"excerpt":{"rendered":"<p>Franz\u00f6sische Hugau Gestion startet in \u00d6sterreich fondsprofessionell.at Lien vers l\u2019article: https:\/\/fondsprofessionell.at\/ Lire l&rsquo;article (t\u00e9l\u00e9chargement PDF) &nbsp; &nbsp; 15 Jahre Willenbacher Advisory &#8211; Grund zum Feiern institutional-money.com Lien vers l\u2019article: https:\/\/institutionel-money.com\/ Lire l&rsquo;article (t\u00e9l\u00e9chargement PDF) &nbsp; &nbsp; Vertriebsprofi des Monats: Andreas Willenbacher e-fundresearch.com Lien vers l&rsquo;article: https:\/\/e-fundresearch.com\/ Lire l&rsquo;article (t\u00e9l\u00e9chargement PDF) &nbsp; &nbsp; OFI AM beendet [&hellip;]<\/p>\n","protected":false},"author":2,"featured_media":0,"parent":0,"menu_order":0,"comment_status":"closed","ping_status":"closed","template":"","meta":{"_et_pb_use_builder":"on","_et_pb_old_content":"","_et_gb_content_width":"","footnotes":""},"class_list":["post-1570","page","type-page","status-publish","hentry"],"_links":{"self":[{"href":"https:\/\/www.willenbacher-advisory.com\/fr\/wp-json\/wp\/v2\/pages\/1570","targetHints":{"allow":["GET"]}}],"collection":[{"href":"https:\/\/www.willenbacher-advisory.com\/fr\/wp-json\/wp\/v2\/pages"}],"about":[{"href":"https:\/\/www.willenbacher-advisory.com\/fr\/wp-json\/wp\/v2\/types\/page"}],"author":[{"embeddable":true,"href":"https:\/\/www.willenbacher-advisory.com\/fr\/wp-json\/wp\/v2\/users\/2"}],"replies":[{"embeddable":true,"href":"https:\/\/www.willenbacher-advisory.com\/fr\/wp-json\/wp\/v2\/comments?post=1570"}],"version-history":[{"count":18,"href":"https:\/\/www.willenbacher-advisory.com\/fr\/wp-json\/wp\/v2\/pages\/1570\/revisions"}],"predecessor-version":[{"id":2018,"href":"https:\/\/www.willenbacher-advisory.com\/fr\/wp-json\/wp\/v2\/pages\/1570\/revisions\/2018"}],"wp:attachment":[{"href":"https:\/\/www.willenbacher-advisory.com\/fr\/wp-json\/wp\/v2\/media?parent=1570"}],"curies":[{"name":"wp","href":"https:\/\/api.w.org\/{rel}","templated":true}]}}